{"id":136,"date":"2019-05-21T15:21:36","date_gmt":"2019-05-21T13:21:36","guid":{"rendered":"http:\/\/arnoclaire.com\/?page_id=136"},"modified":"2021-05-15T15:16:23","modified_gmt":"2021-05-15T13:16:23","slug":"biographie","status":"publish","type":"page","link":"https:\/\/arnoclaire.com\/?page_id=136","title":{"rendered":"Biographie"},"content":{"rendered":"<p>[et_pb_section fb_built=\u00a0\u00bb1&Prime; _builder_version=\u00a0\u00bb3.24&Prime;][et_pb_row column_structure=\u00a0\u00bb1_2,1_2&Prime; _builder_version=\u00a0\u00bb4.7.1&Prime; width=\u00a0\u00bb88.5%\u00a0\u00bb min_height=\u00a0\u00bb673px\u00a0\u00bb custom_margin=\u00a0\u00bb-1px|-200px||500px|false|false\u00a0\u00bb custom_padding=\u00a0\u00bb3px|0px||20px|false|false\u00a0\u00bb hover_enabled=\u00a0\u00bb0&Prime; sticky_enabled=\u00a0\u00bb0&Prime;][et_pb_column type=\u00a0\u00bb1_2&Prime; _builder_version=\u00a0\u00bb3.25&Prime; custom_padding=\u00a0\u00bb|||\u00a0\u00bb custom_padding__hover=\u00a0\u00bb|||\u00a0\u00bb][et_pb_text _builder_version=\u00a0\u00bb4.7.1&Prime; inline_fonts=\u00a0\u00bbTrebuchet\u00a0\u00bb]<\/p>\n<h1><span style=\"color: #424242;\"><\/span><\/h1>\n<h1><span style=\"font-size: large; font-family: Trebuchet;\"><em><span style=\"color: #424242;\">A propos <\/span><\/em><\/span><span style=\"color: #424242;\"><span style=\"font-size: large; font-family: Trebuchet;\"><em>:<\/em><\/span><br \/> <\/span><\/h1>\n<p><span style=\"color: #424242;\"><\/span><\/p>\n<h2><span style=\"color: #424242;\">ARNO<br \/> <\/span><\/h2>\n<p><span style=\"color: #424242;\"><\/span><\/p>\n<h4 style=\"text-align: justify;\"><span style=\"color: #232323; font-size: medium;\">Je suis n\u00e9 en 1981. Je vis actuellement \u00e0 Remiremont dans les Vosges.<\/span><\/h4>\n<h4 style=\"text-align: justify;\"><span style=\"color: #232323; font-size: medium;\">J\u2019ai suivi un cursus en histoire contemporaine \u00e0 l\u2019Universit\u00e9 Paul Val\u00e9ry-Montpellier III.<\/span><\/h4>\n<h4 style=\"text-align: justify;\"><span style=\"color: #232323; font-size: medium;\">Apr\u00e8s plusieurs exp\u00e9riences professionnelles dans le monde des mus\u00e9es et en librairie \u00e0 Paris, je suis aujourd\u2019hui professeur d\u2019histoire-g\u00e9ographie.<\/span><\/h4>\n<h4 style=\"text-align: justify;\"><span style=\"color: #232323; font-size: medium;\">\u00a0Je pratique la photographie depuis 2007.<\/span><\/h4>\n<p><span style=\"color: #232323;\"><span style=\"font-size: 16px;\"><\/span><\/span><\/p>\n<p><span style=\"color: #232323;\"><span style=\"font-size: 16px;\"><\/span><\/span><\/p>\n<p><span style=\"color: #232323;\"><span style=\"font-size: 16px;\"><\/span><\/span><\/p>\n<p><span style=\"color: #232323;\"><span style=\"font-size: 16px;\"><\/span><\/span><\/p>\n<p>[\/et_pb_text][et_pb_button button_url=\u00a0\u00bbhttp:\/\/arnoclaire.com\/?page_id=132&Prime; button_text=\u00a0\u00bbCONTACT\u00a0\u00bb button_alignment=\u00a0\u00bbcenter\u00a0\u00bb _builder_version=\u00a0\u00bb3.24&Prime;][\/et_pb_button][\/et_pb_column][et_pb_column type=\u00a0\u00bb1_2&Prime; _builder_version=\u00a0\u00bb3.25&Prime; custom_padding=\u00a0\u00bb|||\u00a0\u00bb custom_padding__hover=\u00a0\u00bb|||\u00a0\u00bb][et_pb_image src=\u00a0\u00bbhttp:\/\/arnoclaire.com\/wp-content\/uploads\/2021\/04\/Mutatis-Mutandis-12_Paradis-perdu_NB.jpg\u00a0\u00bb title_text=\u00a0\u00bbMutatis Mutandis 12_Paradis perdu_NB\u00a0\u00bb _builder_version=\u00a0\u00bb4.7.1&Prime; _module_preset=\u00a0\u00bbdefault\u00a0\u00bb width=\u00a0\u00bb56%\u00a0\u00bb custom_margin=\u00a0\u00bb||-3px|||\u00a0\u00bb custom_padding=\u00a0\u00bb|0px|37px|||\u00a0\u00bb][\/et_pb_image][\/et_pb_column][\/et_pb_row][\/et_pb_section]<\/p>\n","protected":false},"excerpt":{"rendered":"<p>A propos : ARNO Je suis n\u00e9 en 1981. Je vis actuellement \u00e0 Remiremont dans les Vosges. J\u2019ai suivi un cursus en histoire contemporaine \u00e0 l\u2019Universit\u00e9 Paul Val\u00e9ry-Montpellier III. Apr\u00e8s plusieurs exp\u00e9riences professionnelles dans le monde des mus\u00e9es et en librairie \u00e0 Paris, je suis aujourd\u2019hui professeur d\u2019histoire-g\u00e9ographie. \u00a0Je pratique la photographie depuis 2007.<\/p>\n","protected":false},"author":1,"featured_media":0,"parent":0,"menu_order":0,"comment_status":"closed","ping_status":"closed","template":"","meta":{"_et_pb_use_builder":"on","_et_pb_old_content":"","_et_gb_content_width":"","footnotes":""},"class_list":["post-136","page","type-page","status-publish","hentry"],"_links":{"self":[{"href":"https:\/\/arnoclaire.com\/index.php?rest_route=\/wp\/v2\/pages\/136","targetHints":{"allow":["GET"]}}],"collection":[{"href":"https:\/\/arnoclaire.com\/index.php?rest_route=\/wp\/v2\/pages"}],"about":[{"href":"https:\/\/arnoclaire.com\/index.php?rest_route=\/wp\/v2\/types\/page"}],"author":[{"embeddable":true,"href":"https:\/\/arnoclaire.com\/index.php?rest_route=\/wp\/v2\/users\/1"}],"replies":[{"embeddable":true,"href":"https:\/\/arnoclaire.com\/index.php?rest_route=%2Fwp%2Fv2%2Fcomments&post=136"}],"version-history":[{"count":15,"href":"https:\/\/arnoclaire.com\/index.php?rest_route=\/wp\/v2\/pages\/136\/revisions"}],"predecessor-version":[{"id":868,"href":"https:\/\/arnoclaire.com\/index.php?rest_route=\/wp\/v2\/pages\/136\/revisions\/868"}],"wp:attachment":[{"href":"https:\/\/arnoclaire.com\/index.php?rest_route=%2Fwp%2Fv2%2Fmedia&parent=136"}],"curies":[{"name":"wp","href":"https:\/\/api.w.org\/{rel}","templated":true}]}}